{"id":8974,"date":"2024-05-21T23:23:36","date_gmt":"2024-05-21T21:23:36","guid":{"rendered":"https:\/\/espelmesdali.com\/?post_type=product&#038;p=8974"},"modified":"2024-06-11T14:07:20","modified_gmt":"2024-06-11T12:07:20","slug":"ritual-solsticio-de-verano","status":"publish","type":"product","link":"https:\/\/espelmesdali.com\/es\/producto\/ritual-solsticio-de-verano\/","title":{"rendered":"Ritual Solsticio de Verano"},"content":{"rendered":"","protected":false},"excerpt":{"rendered":"<p>El solsticio de verano es el d\u00eda m\u00e1s largo del a\u00f1o, un tiempo de luz m\u00e1xima y energ\u00eda potente. En este contexto, nuestro ritual del solsticio de verano juega un papel crucial para encauzar la energ\u00eda solar, y dar fuerza a tus deseos y prop\u00f3sitos.<\/p>\n<p>Colores del ritual del solsticio de verano:<\/p>\n<p>Negro: absorbe cualquier negatividad que haya en el ambiente o en ti mismo@<br \/>\nBlanco: Da luz a la oscuridad (obst\u00e1culos, retos, dificultades, obst\u00e1culos) limpia el camino<br \/>\nMorado: Impulsa el cambio que sea necesario en cualquier aspecto de tu vida<br \/>\nMiel: Atrae la abundancia en toda su amplitud y matices, endulza tu vida, tu hogar y las personas que amas.<br \/>\nEl fuego de nuestro ritual del solsticio de verano, aporta claridad y renovaci\u00f3n espiritual. Encender nuestro ritual del solsticio en esta fecha especial permite aprovechar al m\u00e1ximo la potencia m\u00e1gica del solsticio de verano.<\/p>\n<p>Incluye lectura del ritual despu\u00e9s de su quema.<\/p>\n","protected":false},"featured_media":9011,"comment_status":"open","ping_status":"closed","template":"","meta":[],"product_brand":[],"product_cat":[644,572,580],"product_tag":[585,610],"class_list":{"0":"post-8974","1":"product","2":"type-product","3":"status-publish","4":"has-post-thumbnail","6":"product_cat-potenciadores-es","7":"product_cat-rituales","8":"product_cat-velas-de-miel","9":"product_tag-espelmes-de-mel-es","10":"product_tag-ritual-es","11":"product_shipping_class-enviament-es","12":"infinite-scroll-item","13":"sales-flash-overlay","14":"woocommerce-text-align-center","15":"woocommerce-image-align-center","16":"do-quantity-buttons","17":"wc-has-gallery","19":"first","20":"outofstock","21":"taxable","22":"shipping-taxable","23":"product-type-variable"},"yoast_head":"<!-- This site is optimized with the Yoast SEO plugin v27.5 - https:\/\/yoast.com\/product\/yoast-seo-wordpress\/ -->\n<title>Ritual Solsticio de Verano - Velas Dal\u00ed<\/title>\n<meta name=\"description\" content=\"El solsticio de verano es el d\u00eda m\u00e1s largo del a\u00f1o, un tiempo de luz m\u00e1xima y energ\u00eda potente. En este contexto, nuestro ritual del solsticio de verano juega un papel crucial para encauzar la energ\u00eda solar, y dar fuerza a tus deseos y prop\u00f3sitos.\" \/>\n<meta name=\"robots\" content=\"index, follow, max-snippet:-1, max-image-preview:large, max-video-preview:-1\" \/>\n<link rel=\"canonical\" href=\"https:\/\/espelmesdali.com\/es\/producto\/ritual-solsticio-de-verano\/\" \/>\n<meta property=\"og:locale\" content=\"es_ES\" \/>\n<meta property=\"og:type\" content=\"article\" \/>\n<meta property=\"og:title\" content=\"Ritual Solsticio de Verano - Velas Dal\u00ed\" \/>\n<meta property=\"og:description\" content=\"El solsticio de verano es el d\u00eda m\u00e1s largo del a\u00f1o, un tiempo de luz m\u00e1xima y energ\u00eda potente. En este contexto, nuestro ritual del solsticio de verano juega un papel crucial para encauzar la energ\u00eda solar, y dar fuerza a tus deseos y prop\u00f3sitos.\" \/>\n<meta property=\"og:url\" content=\"https:\/\/espelmesdali.com\/es\/producto\/ritual-solsticio-de-verano\/\" \/>\n<meta property=\"og:site_name\" content=\"Velas Dal\u00ed\" \/>\n<meta property=\"article:publisher\" content=\"https:\/\/www.facebook.com\/profile.php?id=100086540543846\" \/>\n<meta property=\"article:modified_time\" content=\"2024-06-11T12:07:20+00:00\" \/>\n<meta property=\"og:image\" content=\"https:\/\/espelmesdali.com\/wp-content\/uploads\/2024\/05\/EDALI_SESTIU.jpg\" \/>\n\t<meta property=\"og:image:width\" content=\"1200\" \/>\n\t<meta property=\"og:image:height\" content=\"1200\" \/>\n\t<meta property=\"og:image:type\" content=\"image\/jpeg\" \/>\n<meta name=\"twitter:card\" content=\"summary_large_image\" \/>\n<meta name=\"twitter:label1\" content=\"Tiempo de lectura\" \/>\n\t<meta name=\"twitter:data1\" content=\"1 minuto\" \/>\n<script type=\"application\/ld+json\" class=\"yoast-schema-graph\">{\"@context\":\"https:\\\/\\\/schema.org\",\"@graph\":[{\"@type\":\"WebPage\",\"@id\":\"https:\\\/\\\/espelmesdali.com\\\/es\\\/producto\\\/ritual-solsticio-de-verano\\\/\",\"url\":\"https:\\\/\\\/espelmesdali.com\\\/es\\\/producto\\\/ritual-solsticio-de-verano\\\/\",\"name\":\"Ritual Solsticio de Verano - Velas Dal\u00ed\",\"isPartOf\":{\"@id\":\"https:\\\/\\\/espelmesdali.com\\\/es\\\/#website\"},\"primaryImageOfPage\":{\"@id\":\"https:\\\/\\\/espelmesdali.com\\\/es\\\/producto\\\/ritual-solsticio-de-verano\\\/#primaryimage\"},\"image\":{\"@id\":\"https:\\\/\\\/espelmesdali.com\\\/es\\\/producto\\\/ritual-solsticio-de-verano\\\/#primaryimage\"},\"thumbnailUrl\":\"https:\\\/\\\/espelmesdali.com\\\/wp-content\\\/uploads\\\/2024\\\/05\\\/EDALI_SESTIU.jpg\",\"datePublished\":\"2024-05-21T21:23:36+00:00\",\"dateModified\":\"2024-06-11T12:07:20+00:00\",\"description\":\"El solsticio de verano es el d\u00eda m\u00e1s largo del a\u00f1o, un tiempo de luz m\u00e1xima y energ\u00eda potente. En este contexto, nuestro ritual del solsticio de verano juega un papel crucial para encauzar la energ\u00eda solar, y dar fuerza a tus deseos y prop\u00f3sitos.\",\"breadcrumb\":{\"@id\":\"https:\\\/\\\/espelmesdali.com\\\/es\\\/producto\\\/ritual-solsticio-de-verano\\\/#breadcrumb\"},\"inLanguage\":\"es\",\"potentialAction\":[{\"@type\":\"ReadAction\",\"target\":[\"https:\\\/\\\/espelmesdali.com\\\/es\\\/producto\\\/ritual-solsticio-de-verano\\\/\"]}]},{\"@type\":\"ImageObject\",\"inLanguage\":\"es\",\"@id\":\"https:\\\/\\\/espelmesdali.com\\\/es\\\/producto\\\/ritual-solsticio-de-verano\\\/#primaryimage\",\"url\":\"https:\\\/\\\/espelmesdali.com\\\/wp-content\\\/uploads\\\/2024\\\/05\\\/EDALI_SESTIU.jpg\",\"contentUrl\":\"https:\\\/\\\/espelmesdali.com\\\/wp-content\\\/uploads\\\/2024\\\/05\\\/EDALI_SESTIU.jpg\",\"width\":1200,\"height\":1200},{\"@type\":\"BreadcrumbList\",\"@id\":\"https:\\\/\\\/espelmesdali.com\\\/es\\\/producto\\\/ritual-solsticio-de-verano\\\/#breadcrumb\",\"itemListElement\":[{\"@type\":\"ListItem\",\"position\":1,\"name\":\"Portada\",\"item\":\"https:\\\/\\\/espelmesdali.com\\\/es\\\/\"},{\"@type\":\"ListItem\",\"position\":2,\"name\":\"Tienda\",\"item\":\"https:\\\/\\\/espelmesdali.com\\\/es\\\/tienda\\\/\"},{\"@type\":\"ListItem\",\"position\":3,\"name\":\"Velas\",\"item\":\"https:\\\/\\\/espelmesdali.com\\\/es\\\/categoria-producto\\\/velas-de-miel\\\/\"},{\"@type\":\"ListItem\",\"position\":4,\"name\":\"Ritual Solsticio de Verano\"}]},{\"@type\":\"WebSite\",\"@id\":\"https:\\\/\\\/espelmesdali.com\\\/es\\\/#website\",\"url\":\"https:\\\/\\\/espelmesdali.com\\\/es\\\/\",\"name\":\"Velas Dal\u00ed\",\"description\":\"Espelmes energ\u00e8tiques naturals i artesanes\",\"publisher\":{\"@id\":\"https:\\\/\\\/espelmesdali.com\\\/es\\\/#organization\"},\"alternateName\":\"Espelmes energ\u00e8tiques naturals i artesanes\",\"potentialAction\":[{\"@type\":\"SearchAction\",\"target\":{\"@type\":\"EntryPoint\",\"urlTemplate\":\"https:\\\/\\\/espelmesdali.com\\\/es\\\/?s={search_term_string}\"},\"query-input\":{\"@type\":\"PropertyValueSpecification\",\"valueRequired\":true,\"valueName\":\"search_term_string\"}}],\"inLanguage\":\"es\"},{\"@type\":\"Organization\",\"@id\":\"https:\\\/\\\/espelmesdali.com\\\/es\\\/#organization\",\"name\":\"Velas Dal\u00ed\",\"alternateName\":\"Espelmes energ\u00e8tiques naturals i artesanes\",\"url\":\"https:\\\/\\\/espelmesdali.com\\\/es\\\/\",\"logo\":{\"@type\":\"ImageObject\",\"inLanguage\":\"es\",\"@id\":\"https:\\\/\\\/espelmesdali.com\\\/es\\\/#\\\/schema\\\/logo\\\/image\\\/\",\"url\":\"https:\\\/\\\/i0.wp.com\\\/velasdali.com\\\/wp-content\\\/uploads\\\/2022\\\/12\\\/cropped-LOGO_DALI-01.jpg?fit=1200%2C1200&ssl=1\",\"contentUrl\":\"https:\\\/\\\/i0.wp.com\\\/velasdali.com\\\/wp-content\\\/uploads\\\/2022\\\/12\\\/cropped-LOGO_DALI-01.jpg?fit=1200%2C1200&ssl=1\",\"width\":1200,\"height\":1200,\"caption\":\"Velas Dal\u00ed\"},\"image\":{\"@id\":\"https:\\\/\\\/espelmesdali.com\\\/es\\\/#\\\/schema\\\/logo\\\/image\\\/\"},\"sameAs\":[\"https:\\\/\\\/www.facebook.com\\\/profile.php?id=100086540543846\",\"https:\\\/\\\/www.instagram.com\\\/espelmesdali\\\/\"]}]}<\/script>\n<!-- \/ Yoast SEO plugin. -->","yoast_head_json":{"title":"Ritual Solsticio de Verano - Velas Dal\u00ed","description":"El solsticio de verano es el d\u00eda m\u00e1s largo del a\u00f1o, un tiempo de luz m\u00e1xima y energ\u00eda potente. En este contexto, nuestro ritual del solsticio de verano juega un papel crucial para encauzar la energ\u00eda solar, y dar fuerza a tus deseos y prop\u00f3sitos.","robots":{"index":"index","follow":"follow","max-snippet":"max-snippet:-1","max-image-preview":"max-image-preview:large","max-video-preview":"max-video-preview:-1"},"canonical":"https:\/\/espelmesdali.com\/es\/producto\/ritual-solsticio-de-verano\/","og_locale":"es_ES","og_type":"article","og_title":"Ritual Solsticio de Verano - Velas Dal\u00ed","og_description":"El solsticio de verano es el d\u00eda m\u00e1s largo del a\u00f1o, un tiempo de luz m\u00e1xima y energ\u00eda potente. En este contexto, nuestro ritual del solsticio de verano juega un papel crucial para encauzar la energ\u00eda solar, y dar fuerza a tus deseos y prop\u00f3sitos.","og_url":"https:\/\/espelmesdali.com\/es\/producto\/ritual-solsticio-de-verano\/","og_site_name":"Velas Dal\u00ed","article_publisher":"https:\/\/www.facebook.com\/profile.php?id=100086540543846","article_modified_time":"2024-06-11T12:07:20+00:00","og_image":[{"width":1200,"height":1200,"url":"https:\/\/espelmesdali.com\/wp-content\/uploads\/2024\/05\/EDALI_SESTIU.jpg","type":"image\/jpeg"}],"twitter_card":"summary_large_image","twitter_misc":{"Tiempo de lectura":"1 minuto"},"schema":{"@context":"https:\/\/schema.org","@graph":[{"@type":"WebPage","@id":"https:\/\/espelmesdali.com\/es\/producto\/ritual-solsticio-de-verano\/","url":"https:\/\/espelmesdali.com\/es\/producto\/ritual-solsticio-de-verano\/","name":"Ritual Solsticio de Verano - Velas Dal\u00ed","isPartOf":{"@id":"https:\/\/espelmesdali.com\/es\/#website"},"primaryImageOfPage":{"@id":"https:\/\/espelmesdali.com\/es\/producto\/ritual-solsticio-de-verano\/#primaryimage"},"image":{"@id":"https:\/\/espelmesdali.com\/es\/producto\/ritual-solsticio-de-verano\/#primaryimage"},"thumbnailUrl":"https:\/\/espelmesdali.com\/wp-content\/uploads\/2024\/05\/EDALI_SESTIU.jpg","datePublished":"2024-05-21T21:23:36+00:00","dateModified":"2024-06-11T12:07:20+00:00","description":"El solsticio de verano es el d\u00eda m\u00e1s largo del a\u00f1o, un tiempo de luz m\u00e1xima y energ\u00eda potente. En este contexto, nuestro ritual del solsticio de verano juega un papel crucial para encauzar la energ\u00eda solar, y dar fuerza a tus deseos y prop\u00f3sitos.","breadcrumb":{"@id":"https:\/\/espelmesdali.com\/es\/producto\/ritual-solsticio-de-verano\/#breadcrumb"},"inLanguage":"es","potentialAction":[{"@type":"ReadAction","target":["https:\/\/espelmesdali.com\/es\/producto\/ritual-solsticio-de-verano\/"]}]},{"@type":"ImageObject","inLanguage":"es","@id":"https:\/\/espelmesdali.com\/es\/producto\/ritual-solsticio-de-verano\/#primaryimage","url":"https:\/\/espelmesdali.com\/wp-content\/uploads\/2024\/05\/EDALI_SESTIU.jpg","contentUrl":"https:\/\/espelmesdali.com\/wp-content\/uploads\/2024\/05\/EDALI_SESTIU.jpg","width":1200,"height":1200},{"@type":"BreadcrumbList","@id":"https:\/\/espelmesdali.com\/es\/producto\/ritual-solsticio-de-verano\/#breadcrumb","itemListElement":[{"@type":"ListItem","position":1,"name":"Portada","item":"https:\/\/espelmesdali.com\/es\/"},{"@type":"ListItem","position":2,"name":"Tienda","item":"https:\/\/espelmesdali.com\/es\/tienda\/"},{"@type":"ListItem","position":3,"name":"Velas","item":"https:\/\/espelmesdali.com\/es\/categoria-producto\/velas-de-miel\/"},{"@type":"ListItem","position":4,"name":"Ritual Solsticio de Verano"}]},{"@type":"WebSite","@id":"https:\/\/espelmesdali.com\/es\/#website","url":"https:\/\/espelmesdali.com\/es\/","name":"Velas Dal\u00ed","description":"Espelmes energ\u00e8tiques naturals i artesanes","publisher":{"@id":"https:\/\/espelmesdali.com\/es\/#organization"},"alternateName":"Espelmes energ\u00e8tiques naturals i artesanes","potentialAction":[{"@type":"SearchAction","target":{"@type":"EntryPoint","urlTemplate":"https:\/\/espelmesdali.com\/es\/?s={search_term_string}"},"query-input":{"@type":"PropertyValueSpecification","valueRequired":true,"valueName":"search_term_string"}}],"inLanguage":"es"},{"@type":"Organization","@id":"https:\/\/espelmesdali.com\/es\/#organization","name":"Velas Dal\u00ed","alternateName":"Espelmes energ\u00e8tiques naturals i artesanes","url":"https:\/\/espelmesdali.com\/es\/","logo":{"@type":"ImageObject","inLanguage":"es","@id":"https:\/\/espelmesdali.com\/es\/#\/schema\/logo\/image\/","url":"https:\/\/i0.wp.com\/velasdali.com\/wp-content\/uploads\/2022\/12\/cropped-LOGO_DALI-01.jpg?fit=1200%2C1200&ssl=1","contentUrl":"https:\/\/i0.wp.com\/velasdali.com\/wp-content\/uploads\/2022\/12\/cropped-LOGO_DALI-01.jpg?fit=1200%2C1200&ssl=1","width":1200,"height":1200,"caption":"Velas Dal\u00ed"},"image":{"@id":"https:\/\/espelmesdali.com\/es\/#\/schema\/logo\/image\/"},"sameAs":["https:\/\/www.facebook.com\/profile.php?id=100086540543846","https:\/\/www.instagram.com\/espelmesdali\/"]}]}},"_links":{"self":[{"href":"https:\/\/espelmesdali.com\/es\/wp-json\/wp\/v2\/product\/8974","targetHints":{"allow":["GET"]}}],"collection":[{"href":"https:\/\/espelmesdali.com\/es\/wp-json\/wp\/v2\/product"}],"about":[{"href":"https:\/\/espelmesdali.com\/es\/wp-json\/wp\/v2\/types\/product"}],"replies":[{"embeddable":true,"href":"https:\/\/espelmesdali.com\/es\/wp-json\/wp\/v2\/comments?post=8974"}],"wp:featuredmedia":[{"embeddable":true,"href":"https:\/\/espelmesdali.com\/es\/wp-json\/wp\/v2\/media\/9011"}],"wp:attachment":[{"href":"https:\/\/espelmesdali.com\/es\/wp-json\/wp\/v2\/media?parent=8974"}],"wp:term":[{"taxonomy":"product_brand","embeddable":true,"href":"https:\/\/espelmesdali.com\/es\/wp-json\/wp\/v2\/product_brand?post=8974"},{"taxonomy":"product_cat","embeddable":true,"href":"https:\/\/espelmesdali.com\/es\/wp-json\/wp\/v2\/product_cat?post=8974"},{"taxonomy":"product_tag","embeddable":true,"href":"https:\/\/espelmesdali.com\/es\/wp-json\/wp\/v2\/product_tag?post=8974"}],"curies":[{"name":"wp","href":"https:\/\/api.w.org\/{rel}","templated":true}]}}