{"id":8224,"date":"2022-09-23T11:32:03","date_gmt":"2022-09-23T09:32:03","guid":{"rendered":"https:\/\/espelmesdali.com\/producte\/pors-familiars-i-proteccioespelma-marro-amb-ulls-negres\/"},"modified":"2024-02-24T23:07:58","modified_gmt":"2024-02-24T22:07:58","slug":"miedos-familiares-y-proteccion-vela-marron-con-ojos-negros","status":"publish","type":"product","link":"https:\/\/espelmesdali.com\/es\/producto\/miedos-familiares-y-proteccion-vela-marron-con-ojos-negros\/","title":{"rendered":"Miedos familiares y protecci\u00f3n \u00abVela marr\u00f3n con ojos negros\u00bb"},"content":{"rendered":"<p><strong><span>La Vela Marr\u00f3n con Ojos Negros: Limpieza de Miedos Familiares<\/span><\/strong><\/p>\n<p><span>La Vela marr\u00f3n con ojos negros es una potente aliada en el proceso de trabajar y limpiar los miedos familiares que podemos llevar con nosotros.\u00a0A trav\u00e9s de su llama c\u00e1lida y reconfortante, esta vela nos gu\u00eda hacia la sanaci\u00f3n emocional, permiti\u00e9ndonos liberarnos de las cargas negativas que nos condicionan a causa de las experiencias, las palabras y las emociones que hemos escuchado, visto y experimentado dentro de nuestra propia familia.<\/span><\/p>\n<p><span>El color marr\u00f3n de la vela simboliza la estabilidad y la fuerza, mientras que los ojos negros representan la protecci\u00f3n y la curaci\u00f3n. Cuando encendemos esta vela, nos conectamos con estas energ\u00edas reparadoras que nos permiten abordar de manera consciente los miedos que nos afectan, para vivir una vida con menos cargas negativas y mayor libertad emocional.<\/span><\/p>\n<p><span>Los miedos familiares pueden ser muy poderosos y, a menudo, nos afectan de forma sutil, influy\u00e9ndonos en la toma de decisiones y limit\u00e1ndonos en la exploraci\u00f3n de nuevas oportunidades.\u00a0La Vela marr\u00f3n con ojos negros nos ofrece una oportunidad para limpiar y transformar estos miedos profundamente arraigados, permiti\u00e9ndonos vivir con menos restricciones y con una mentalidad m\u00e1s abierta y positiva.<\/span><\/p>\n<p><span>Adem\u00e1s esta vela es un regalo de gran valor que podemos ofrecer a nuestra propia familia.\u00a0Es una muestra de amor y apoyo que nos permite compartir con ellos el deseo de trabajar juntos en la sanaci\u00f3n emocional y el alivio de las cargas familiares que nos afectan a todos.<\/span><\/p>\n<p><span>En resumen, La Vela marr\u00f3n con ojos negros nos gu\u00eda hacia una limpieza profunda de los miedos familiares.\u00a0Con su llama acogedora, nos invita a enfrentar estos miedos con valent\u00eda ya transformarlos en libertad emocional.\u00a0Aprovechamos la magia de esta vela para regalar curaci\u00f3n y apoyo a nuestros surgidos queridos, y para trabajar juntos en la construcci\u00f3n de una vida m\u00e1s llena y sin cargas negativas.\u00a0Que La Vela marr\u00f3n con ojos negros nos acompa\u00f1e en nuestro camino hacia la sanaci\u00f3n y el crecimiento personal, y que nos ayude a vivir con mayor libertad y equilibrio emocional en medio de nuestra querida familia.<\/span><\/p>\n","protected":false},"excerpt":{"rendered":"<p><span style=\"color: #800080;\"><strong>PODER ENERG\u00c9TICO: \u2666\u2666\u2666\u2666\u25ca<\/strong><\/span><\/p>\n<p><span style=\"color: #800080;\">\u00b7Familia \u00a0\u00a0\u00a0\u00a0\u00a0\u00a0\u00a0\u00a0\u00a0\u00a0\u00a0\u00a0\u00a0\u00a0\u00a0 \u00b7Miedos\u00a0 \u00a0 \u00a0 \u00a0 \u00a0 \u00a0 \u00a0\u00b7 Protecci\u00f3n<\/span><\/p>\n<p><span>Para quitar miedos familiares.\u00a0<\/span><span>\u00abMiedos familiares.\u00bb\u00a0<\/span><span>La Vela marr\u00f3n con ojos negros nos ayuda a trabajar los miedos familiares.\u00a0<\/span><span>Hay muchos miedos que arrastramos de nuestra familia, lo que hemos escuchado, visto y experimentado, y esto condiciona enormemente nuestra vida.\u00a0<\/span><span>Esta vela nos ayuda a limpiar estos miedos para vivir as\u00ed con menos cargas negativas.\u00a0<\/span><span>Puedes regalar esta vela a tu propia familia para limpiar toda esta pesada carga.<\/span><\/p>\n","protected":false},"featured_media":8550,"comment_status":"open","ping_status":"closed","template":"","meta":[],"product_brand":[],"product_cat":[642,635],"product_tag":[918,606,936,938,919,779,916,600,595],"class_list":{"0":"post-8224","1":"product","2":"type-product","3":"status-publish","4":"has-post-thumbnail","6":"product_cat-miedo--influenciasnegativas","7":"product_cat-proteccion--familia-documentos","8":"product_tag-documentos-es","9":"product_tag-familia-es","10":"product_tag-juicios-es","11":"product_tag-marron-es","12":"product_tag-miedos-es","13":"product_tag-negra-es","14":"product_tag-negro-es","15":"product_tag-proteccion","16":"product_tag-velas-con-ojos","17":"product_shipping_class-enviament-es","18":"infinite-scroll-item","19":"sales-flash-overlay","20":"woocommerce-text-align-center","21":"woocommerce-image-align-center","22":"do-quantity-buttons","24":"first","25":"outofstock","26":"taxable","27":"shipping-taxable","28":"purchasable","29":"product-type-variable"},"yoast_head":"<!-- This site is optimized with the Yoast SEO plugin v27.5 - https:\/\/yoast.com\/product\/yoast-seo-wordpress\/ -->\n<title>Miedos familiares y protecci\u00f3n \u00abVela marr\u00f3n con ojos negros\u00bb<\/title>\n<meta name=\"description\" content=\"Para quitar miedos familiares. \u00abMiedos familiares.\u00bb La Vela marr\u00f3n con ojos negros nos ayuda a trabajar los miedos familiares. Hay muchos miedos que arrastramos de nuestra familia, lo que hemos escuchado, visto y experimentado, y esto condiciona enormemente nuestra vida. Esta vela nos ayuda a limpiar estos miedos para vivir as\u00ed con menos cargas negativas. Puedes regalar esta vela a tu propia familia para limpiar toda esta pesada carga.\" \/>\n<meta name=\"robots\" content=\"index, follow, max-snippet:-1, max-image-preview:large, max-video-preview:-1\" \/>\n<link rel=\"canonical\" href=\"https:\/\/espelmesdali.com\/es\/producto\/miedos-familiares-y-proteccion-vela-marron-con-ojos-negros\/\" \/>\n<meta property=\"og:locale\" content=\"es_ES\" \/>\n<meta property=\"og:type\" content=\"article\" \/>\n<meta property=\"og:title\" content=\"Miedos familiares y protecci\u00f3n \u00abVela marr\u00f3n con ojos negros\u00bb\" \/>\n<meta property=\"og:description\" content=\"Para quitar miedos familiares. \u00abMiedos familiares.\u00bb La Vela marr\u00f3n con ojos negros nos ayuda a trabajar los miedos familiares. Hay muchos miedos que arrastramos de nuestra familia, lo que hemos escuchado, visto y experimentado, y esto condiciona enormemente nuestra vida. Esta vela nos ayuda a limpiar estos miedos para vivir as\u00ed con menos cargas negativas. Puedes regalar esta vela a tu propia familia para limpiar toda esta pesada carga.\" \/>\n<meta property=\"og:url\" content=\"https:\/\/espelmesdali.com\/es\/producto\/miedos-familiares-y-proteccion-vela-marron-con-ojos-negros\/\" \/>\n<meta property=\"og:site_name\" content=\"Velas Dal\u00ed\" \/>\n<meta property=\"article:publisher\" content=\"https:\/\/www.facebook.com\/profile.php?id=100086540543846\" \/>\n<meta property=\"article:modified_time\" content=\"2024-02-24T22:07:58+00:00\" \/>\n<meta property=\"og:image\" content=\"https:\/\/espelmesdali.com\/wp-content\/uploads\/2024\/03\/677.jpg\" \/>\n\t<meta property=\"og:image:width\" content=\"800\" \/>\n\t<meta property=\"og:image:height\" content=\"800\" \/>\n\t<meta property=\"og:image:type\" content=\"image\/jpeg\" \/>\n<meta name=\"twitter:card\" content=\"summary_large_image\" \/>\n<meta name=\"twitter:label1\" content=\"Tiempo de lectura\" \/>\n\t<meta name=\"twitter:data1\" content=\"2 minutos\" \/>\n<script type=\"application\/ld+json\" class=\"yoast-schema-graph\">{\"@context\":\"https:\\\/\\\/schema.org\",\"@graph\":[{\"@type\":\"WebPage\",\"@id\":\"https:\\\/\\\/espelmesdali.com\\\/es\\\/producto\\\/miedos-familiares-y-proteccion-vela-marron-con-ojos-negros\\\/\",\"url\":\"https:\\\/\\\/espelmesdali.com\\\/es\\\/producto\\\/miedos-familiares-y-proteccion-vela-marron-con-ojos-negros\\\/\",\"name\":\"Miedos familiares y protecci\u00f3n \u00abVela marr\u00f3n con ojos negros\u00bb\",\"isPartOf\":{\"@id\":\"https:\\\/\\\/espelmesdali.com\\\/es\\\/#website\"},\"primaryImageOfPage\":{\"@id\":\"https:\\\/\\\/espelmesdali.com\\\/es\\\/producto\\\/miedos-familiares-y-proteccion-vela-marron-con-ojos-negros\\\/#primaryimage\"},\"image\":{\"@id\":\"https:\\\/\\\/espelmesdali.com\\\/es\\\/producto\\\/miedos-familiares-y-proteccion-vela-marron-con-ojos-negros\\\/#primaryimage\"},\"thumbnailUrl\":\"https:\\\/\\\/espelmesdali.com\\\/wp-content\\\/uploads\\\/2024\\\/03\\\/677.jpg\",\"datePublished\":\"2022-09-23T09:32:03+00:00\",\"dateModified\":\"2024-02-24T22:07:58+00:00\",\"description\":\"Para quitar miedos familiares. \u00abMiedos familiares.\u00bb La Vela marr\u00f3n con ojos negros nos ayuda a trabajar los miedos familiares. Hay muchos miedos que arrastramos de nuestra familia, lo que hemos escuchado, visto y experimentado, y esto condiciona enormemente nuestra vida. Esta vela nos ayuda a limpiar estos miedos para vivir as\u00ed con menos cargas negativas. Puedes regalar esta vela a tu propia familia para limpiar toda esta pesada carga.\",\"breadcrumb\":{\"@id\":\"https:\\\/\\\/espelmesdali.com\\\/es\\\/producto\\\/miedos-familiares-y-proteccion-vela-marron-con-ojos-negros\\\/#breadcrumb\"},\"inLanguage\":\"es\",\"potentialAction\":[{\"@type\":\"ReadAction\",\"target\":[\"https:\\\/\\\/espelmesdali.com\\\/es\\\/producto\\\/miedos-familiares-y-proteccion-vela-marron-con-ojos-negros\\\/\"]}]},{\"@type\":\"ImageObject\",\"inLanguage\":\"es\",\"@id\":\"https:\\\/\\\/espelmesdali.com\\\/es\\\/producto\\\/miedos-familiares-y-proteccion-vela-marron-con-ojos-negros\\\/#primaryimage\",\"url\":\"https:\\\/\\\/espelmesdali.com\\\/wp-content\\\/uploads\\\/2024\\\/03\\\/677.jpg\",\"contentUrl\":\"https:\\\/\\\/espelmesdali.com\\\/wp-content\\\/uploads\\\/2024\\\/03\\\/677.jpg\",\"width\":800,\"height\":800,\"caption\":\"677\"},{\"@type\":\"BreadcrumbList\",\"@id\":\"https:\\\/\\\/espelmesdali.com\\\/es\\\/producto\\\/miedos-familiares-y-proteccion-vela-marron-con-ojos-negros\\\/#breadcrumb\",\"itemListElement\":[{\"@type\":\"ListItem\",\"position\":1,\"name\":\"Portada\",\"item\":\"https:\\\/\\\/espelmesdali.com\\\/es\\\/\"},{\"@type\":\"ListItem\",\"position\":2,\"name\":\"Tienda\",\"item\":\"https:\\\/\\\/espelmesdali.com\\\/es\\\/tienda\\\/\"},{\"@type\":\"ListItem\",\"position\":3,\"name\":\"Protecci\u00f3n \u00b7 Familia \u00b7 Documentos\",\"item\":\"https:\\\/\\\/espelmesdali.com\\\/es\\\/categoria-producto\\\/proteccion-%c2%b7-familia-documentos\\\/\"},{\"@type\":\"ListItem\",\"position\":4,\"name\":\"Miedos familiares y protecci\u00f3n \u00abVela marr\u00f3n con ojos negros\u00bb\"}]},{\"@type\":\"WebSite\",\"@id\":\"https:\\\/\\\/espelmesdali.com\\\/es\\\/#website\",\"url\":\"https:\\\/\\\/espelmesdali.com\\\/es\\\/\",\"name\":\"Velas Dal\u00ed\",\"description\":\"Espelmes energ\u00e8tiques naturals i artesanes\",\"publisher\":{\"@id\":\"https:\\\/\\\/espelmesdali.com\\\/es\\\/#organization\"},\"alternateName\":\"Espelmes energ\u00e8tiques naturals i artesanes\",\"potentialAction\":[{\"@type\":\"SearchAction\",\"target\":{\"@type\":\"EntryPoint\",\"urlTemplate\":\"https:\\\/\\\/espelmesdali.com\\\/es\\\/?s={search_term_string}\"},\"query-input\":{\"@type\":\"PropertyValueSpecification\",\"valueRequired\":true,\"valueName\":\"search_term_string\"}}],\"inLanguage\":\"es\"},{\"@type\":\"Organization\",\"@id\":\"https:\\\/\\\/espelmesdali.com\\\/es\\\/#organization\",\"name\":\"Velas Dal\u00ed\",\"alternateName\":\"Espelmes energ\u00e8tiques naturals i artesanes\",\"url\":\"https:\\\/\\\/espelmesdali.com\\\/es\\\/\",\"logo\":{\"@type\":\"ImageObject\",\"inLanguage\":\"es\",\"@id\":\"https:\\\/\\\/espelmesdali.com\\\/es\\\/#\\\/schema\\\/logo\\\/image\\\/\",\"url\":\"https:\\\/\\\/i0.wp.com\\\/velasdali.com\\\/wp-content\\\/uploads\\\/2022\\\/12\\\/cropped-LOGO_DALI-01.jpg?fit=1200%2C1200&ssl=1\",\"contentUrl\":\"https:\\\/\\\/i0.wp.com\\\/velasdali.com\\\/wp-content\\\/uploads\\\/2022\\\/12\\\/cropped-LOGO_DALI-01.jpg?fit=1200%2C1200&ssl=1\",\"width\":1200,\"height\":1200,\"caption\":\"Velas Dal\u00ed\"},\"image\":{\"@id\":\"https:\\\/\\\/espelmesdali.com\\\/es\\\/#\\\/schema\\\/logo\\\/image\\\/\"},\"sameAs\":[\"https:\\\/\\\/www.facebook.com\\\/profile.php?id=100086540543846\",\"https:\\\/\\\/www.instagram.com\\\/espelmesdali\\\/\"]}]}<\/script>\n<!-- \/ Yoast SEO plugin. -->","yoast_head_json":{"title":"Miedos familiares y protecci\u00f3n \u00abVela marr\u00f3n con ojos negros\u00bb","description":"Para quitar miedos familiares. \u00abMiedos familiares.\u00bb La Vela marr\u00f3n con ojos negros nos ayuda a trabajar los miedos familiares. Hay muchos miedos que arrastramos de nuestra familia, lo que hemos escuchado, visto y experimentado, y esto condiciona enormemente nuestra vida. Esta vela nos ayuda a limpiar estos miedos para vivir as\u00ed con menos cargas negativas. Puedes regalar esta vela a tu propia familia para limpiar toda esta pesada carga.","robots":{"index":"index","follow":"follow","max-snippet":"max-snippet:-1","max-image-preview":"max-image-preview:large","max-video-preview":"max-video-preview:-1"},"canonical":"https:\/\/espelmesdali.com\/es\/producto\/miedos-familiares-y-proteccion-vela-marron-con-ojos-negros\/","og_locale":"es_ES","og_type":"article","og_title":"Miedos familiares y protecci\u00f3n \u00abVela marr\u00f3n con ojos negros\u00bb","og_description":"Para quitar miedos familiares. \u00abMiedos familiares.\u00bb La Vela marr\u00f3n con ojos negros nos ayuda a trabajar los miedos familiares. Hay muchos miedos que arrastramos de nuestra familia, lo que hemos escuchado, visto y experimentado, y esto condiciona enormemente nuestra vida. Esta vela nos ayuda a limpiar estos miedos para vivir as\u00ed con menos cargas negativas. Puedes regalar esta vela a tu propia familia para limpiar toda esta pesada carga.","og_url":"https:\/\/espelmesdali.com\/es\/producto\/miedos-familiares-y-proteccion-vela-marron-con-ojos-negros\/","og_site_name":"Velas Dal\u00ed","article_publisher":"https:\/\/www.facebook.com\/profile.php?id=100086540543846","article_modified_time":"2024-02-24T22:07:58+00:00","og_image":[{"width":800,"height":800,"url":"https:\/\/espelmesdali.com\/wp-content\/uploads\/2024\/03\/677.jpg","type":"image\/jpeg"}],"twitter_card":"summary_large_image","twitter_misc":{"Tiempo de lectura":"2 minutos"},"schema":{"@context":"https:\/\/schema.org","@graph":[{"@type":"WebPage","@id":"https:\/\/espelmesdali.com\/es\/producto\/miedos-familiares-y-proteccion-vela-marron-con-ojos-negros\/","url":"https:\/\/espelmesdali.com\/es\/producto\/miedos-familiares-y-proteccion-vela-marron-con-ojos-negros\/","name":"Miedos familiares y protecci\u00f3n \u00abVela marr\u00f3n con ojos negros\u00bb","isPartOf":{"@id":"https:\/\/espelmesdali.com\/es\/#website"},"primaryImageOfPage":{"@id":"https:\/\/espelmesdali.com\/es\/producto\/miedos-familiares-y-proteccion-vela-marron-con-ojos-negros\/#primaryimage"},"image":{"@id":"https:\/\/espelmesdali.com\/es\/producto\/miedos-familiares-y-proteccion-vela-marron-con-ojos-negros\/#primaryimage"},"thumbnailUrl":"https:\/\/espelmesdali.com\/wp-content\/uploads\/2024\/03\/677.jpg","datePublished":"2022-09-23T09:32:03+00:00","dateModified":"2024-02-24T22:07:58+00:00","description":"Para quitar miedos familiares. \u00abMiedos familiares.\u00bb La Vela marr\u00f3n con ojos negros nos ayuda a trabajar los miedos familiares. Hay muchos miedos que arrastramos de nuestra familia, lo que hemos escuchado, visto y experimentado, y esto condiciona enormemente nuestra vida. Esta vela nos ayuda a limpiar estos miedos para vivir as\u00ed con menos cargas negativas. Puedes regalar esta vela a tu propia familia para limpiar toda esta pesada carga.","breadcrumb":{"@id":"https:\/\/espelmesdali.com\/es\/producto\/miedos-familiares-y-proteccion-vela-marron-con-ojos-negros\/#breadcrumb"},"inLanguage":"es","potentialAction":[{"@type":"ReadAction","target":["https:\/\/espelmesdali.com\/es\/producto\/miedos-familiares-y-proteccion-vela-marron-con-ojos-negros\/"]}]},{"@type":"ImageObject","inLanguage":"es","@id":"https:\/\/espelmesdali.com\/es\/producto\/miedos-familiares-y-proteccion-vela-marron-con-ojos-negros\/#primaryimage","url":"https:\/\/espelmesdali.com\/wp-content\/uploads\/2024\/03\/677.jpg","contentUrl":"https:\/\/espelmesdali.com\/wp-content\/uploads\/2024\/03\/677.jpg","width":800,"height":800,"caption":"677"},{"@type":"BreadcrumbList","@id":"https:\/\/espelmesdali.com\/es\/producto\/miedos-familiares-y-proteccion-vela-marron-con-ojos-negros\/#breadcrumb","itemListElement":[{"@type":"ListItem","position":1,"name":"Portada","item":"https:\/\/espelmesdali.com\/es\/"},{"@type":"ListItem","position":2,"name":"Tienda","item":"https:\/\/espelmesdali.com\/es\/tienda\/"},{"@type":"ListItem","position":3,"name":"Protecci\u00f3n \u00b7 Familia \u00b7 Documentos","item":"https:\/\/espelmesdali.com\/es\/categoria-producto\/proteccion-%c2%b7-familia-documentos\/"},{"@type":"ListItem","position":4,"name":"Miedos familiares y protecci\u00f3n \u00abVela marr\u00f3n con ojos negros\u00bb"}]},{"@type":"WebSite","@id":"https:\/\/espelmesdali.com\/es\/#website","url":"https:\/\/espelmesdali.com\/es\/","name":"Velas Dal\u00ed","description":"Espelmes energ\u00e8tiques naturals i artesanes","publisher":{"@id":"https:\/\/espelmesdali.com\/es\/#organization"},"alternateName":"Espelmes energ\u00e8tiques naturals i artesanes","potentialAction":[{"@type":"SearchAction","target":{"@type":"EntryPoint","urlTemplate":"https:\/\/espelmesdali.com\/es\/?s={search_term_string}"},"query-input":{"@type":"PropertyValueSpecification","valueRequired":true,"valueName":"search_term_string"}}],"inLanguage":"es"},{"@type":"Organization","@id":"https:\/\/espelmesdali.com\/es\/#organization","name":"Velas Dal\u00ed","alternateName":"Espelmes energ\u00e8tiques naturals i artesanes","url":"https:\/\/espelmesdali.com\/es\/","logo":{"@type":"ImageObject","inLanguage":"es","@id":"https:\/\/espelmesdali.com\/es\/#\/schema\/logo\/image\/","url":"https:\/\/i0.wp.com\/velasdali.com\/wp-content\/uploads\/2022\/12\/cropped-LOGO_DALI-01.jpg?fit=1200%2C1200&ssl=1","contentUrl":"https:\/\/i0.wp.com\/velasdali.com\/wp-content\/uploads\/2022\/12\/cropped-LOGO_DALI-01.jpg?fit=1200%2C1200&ssl=1","width":1200,"height":1200,"caption":"Velas Dal\u00ed"},"image":{"@id":"https:\/\/espelmesdali.com\/es\/#\/schema\/logo\/image\/"},"sameAs":["https:\/\/www.facebook.com\/profile.php?id=100086540543846","https:\/\/www.instagram.com\/espelmesdali\/"]}]}},"_links":{"self":[{"href":"https:\/\/espelmesdali.com\/es\/wp-json\/wp\/v2\/product\/8224","targetHints":{"allow":["GET"]}}],"collection":[{"href":"https:\/\/espelmesdali.com\/es\/wp-json\/wp\/v2\/product"}],"about":[{"href":"https:\/\/espelmesdali.com\/es\/wp-json\/wp\/v2\/types\/product"}],"replies":[{"embeddable":true,"href":"https:\/\/espelmesdali.com\/es\/wp-json\/wp\/v2\/comments?post=8224"}],"wp:featuredmedia":[{"embeddable":true,"href":"https:\/\/espelmesdali.com\/es\/wp-json\/wp\/v2\/media\/8550"}],"wp:attachment":[{"href":"https:\/\/espelmesdali.com\/es\/wp-json\/wp\/v2\/media?parent=8224"}],"wp:term":[{"taxonomy":"product_brand","embeddable":true,"href":"https:\/\/espelmesdali.com\/es\/wp-json\/wp\/v2\/product_brand?post=8224"},{"taxonomy":"product_cat","embeddable":true,"href":"https:\/\/espelmesdali.com\/es\/wp-json\/wp\/v2\/product_cat?post=8224"},{"taxonomy":"product_tag","embeddable":true,"href":"https:\/\/espelmesdali.com\/es\/wp-json\/wp\/v2\/product_tag?post=8224"}],"curies":[{"name":"wp","href":"https:\/\/api.w.org\/{rel}","templated":true}]}}