{"id":7970,"date":"2022-09-23T11:32:23","date_gmt":"2022-09-23T09:32:23","guid":{"rendered":"https:\/\/espelmesdali.com\/producte\/limpieza-familiar-luz-y-calma-vela-blanca-con-ojos-amarillos-azul-y-marron\/"},"modified":"2024-03-28T22:10:28","modified_gmt":"2024-03-28T21:10:28","slug":"limpieza-familiar-luz-y-calma-vela-blanca-con-ojos-amarillos-azul-y-marron","status":"publish","type":"product","link":"https:\/\/espelmesdali.com\/es\/producto\/limpieza-familiar-luz-y-calma-vela-blanca-con-ojos-amarillos-azul-y-marron\/","title":{"rendered":"Limpieza familiar, luz y calma \u201cVela blanca con ojos amarillos, azul y marr\u00f3n\u201d"},"content":{"rendered":"<p><strong><span>La Vela Blanca con Ojos Amarillos, Azul y Marr\u00f3n: Armon\u00eda y Tranquilidad Familiar<\/span><\/strong><\/p>\n<p><span>La Vela blanca con ojos amarillos, azul y marr\u00f3n es un\u00a0<\/span><strong><span>amuleto de luz y armon\u00eda que limpia las energ\u00edas familiares, aportando claridad y tranquilidad en el seno de la familia.\u00a0<\/span><\/strong><span>Esta vela se convierte en una compa\u00f1era ideal cuando la casa se ve afectada por tensiones y conflictos, cuando es necesario restablecer la paz y la serenidad a nivel familiar.<\/span><\/p>\n<p><span>La llama radiante de La Vela blanca es sin\u00f3nimo de purificaci\u00f3n y limpieza.\u00a0Esta llama, combinada con los ojos amarillos, azul y marr\u00f3n que\u00a0<\/span><strong><span>representan la claridad, la calma y la estabilidad, se convierten en un tr\u00edo m\u00e1gico para transformar el ambiente familiar.<\/span><\/strong><\/p>\n<p><span>Cuando el hogar se ve afectado por cambios y revoluci\u00f3n, esta vela es una gu\u00eda para restablecer el equilibrio.\u00a0Su luz suave y calmante invita a la reflexi\u00f3n y permite a la familia conectarse con su esencia m\u00e1s profunda, liberando tensiones y encontrando soluciones pac\u00edficas.<\/span><\/p>\n<p><span>En momentos en que existen temas de papeles familiares poco claros, que generan estr\u00e9s, confusi\u00f3n y conflicto, La Vela blanca con ojos amarillos, azul y marr\u00f3n es una ayuda imprescindible.\u00a0Su presencia aporta claridad mental y serenidad, ayudando a entender la situaci\u00f3n y encontrar la mejor forma de resolverlo.<\/span><\/p>\n<p><span>La Vela blanca con ojos amarillos, azul y marr\u00f3n no s\u00f3lo limpia y armoniza el ambiente familiar, sino que tambi\u00e9n es una muestra de apoyo y cari\u00f1o a los seres queridos.\u00a0Regalar esa vela a aquellos miembros de la familia que necesiten luz y calma es una forma de transmitir amor y comprensi\u00f3n.<\/span><\/p>\n<p><span>Adem\u00e1s, esta vela es una excelente compa\u00f1era en pr\u00e1cticas de meditaci\u00f3n y rituales familiares. Encendi\u00e9ndola\u00a0en momentos de conexi\u00f3n y uni\u00f3n, se puede canalizar la energ\u00eda positiva hacia la familia y conseguir una armon\u00eda m\u00e1s profunda.<\/span><\/p>\n<p><span>En conclusi\u00f3n, La Vela blanca con ojos amarillos, azul y marr\u00f3n es una poderosa aliada para la familia en momentos de conflicto y cambio.\u00a0Con su luz y tranquilidad, limpia las energ\u00edas familiares, creando un ambiente armonioso y sereno.\u00a0Ad\u00e9ntrate en la magia de esta vela y deja que su llama ilumine y rodee a tu familia con la claridad y la calma que necesita.\u00a0Que la luz de esta vela le gu\u00ede siempre hacia la paz y la felicidad en su hogar.<\/span><\/p>\n","protected":false},"excerpt":{"rendered":"<p><span style=\"color: #800080;\"><strong>PODER ENERG\u00c9TICO: \u2666\u2666\u2666\u2666\u25ca<\/strong><\/span><\/p>\n<p><span style=\"color: #800080;\">\u00b7Trabajo \u00a0 \u00a0 \u00a0 \u00a0 \u00a0 \u00a0 \u00a0 \u00a0\u00b7Calma \u00a0\u00a0\u00a0\u00a0\u00a0\u00a0\u00a0\u00a0\u00a0\u00a0\u00a0 \u00b7 Luz<\/span><\/p>\n<p><span>\u201cLimpieza familia, papeles y trabajo.\u00a0Da luz y calma.\u00a0\u201d Esta vela\u00a0<\/span><strong><span>limpia energ\u00edas familiares y da luz y tranquilidad a la familia<\/span><\/strong><span>\u00a0.\u00a0Es ideal cuando en casa existen tensiones y conflictos.\u00a0Cuando hace falta luz y tranquilidad a nivel familiar.\u00a0En momentos en que se han vivido cambios y la casa est\u00e1 revolucionada.\u00a0Tambi\u00e9n cuando existe alg\u00fan tema de papeles familiares poco claro y esto genera estr\u00e9s, confusi\u00f3n y conflicto.\u00a0Puedes regalarla a aquellos familiares que necesitan luz y calma.<\/span><\/p>\n","protected":false},"featured_media":8570,"comment_status":"open","ping_status":"closed","template":"","meta":[],"product_brand":[],"product_cat":[636,581,635],"product_tag":[935,813,885,604,804,606,657,879,598,938,586,799,600,929,932,595],"class_list":{"0":"post-7970","1":"product","2":"type-product","3":"status-publish","4":"has-post-thumbnail","6":"product_cat-calma--antiestres","7":"product_cat-limpieza--purificacion","8":"product_cat-proteccion--familia-documentos","9":"product_tag-amarillo-es","10":"product_tag-azul-es","11":"product_tag-blanco-es","12":"product_tag-calma-es","13":"product_tag-estudios-es","14":"product_tag-familia-es","15":"product_tag-feina-es","16":"product_tag-lila-es","17":"product_tag-luz","18":"product_tag-marron-es","19":"product_tag-neteja-es","20":"product_tag-paz-es","21":"product_tag-proteccion","22":"product_tag-purificacion-es","23":"product_tag-sabiduria-es","24":"product_tag-velas-con-ojos","25":"product_shipping_class-enviament-es","26":"infinite-scroll-item","27":"sales-flash-overlay","28":"woocommerce-text-align-center","29":"woocommerce-image-align-center","30":"do-quantity-buttons","32":"first","33":"outofstock","34":"taxable","35":"shipping-taxable","36":"purchasable","37":"product-type-variable"},"yoast_head":"<!-- This site is optimized with the Yoast SEO plugin v27.5 - https:\/\/yoast.com\/product\/yoast-seo-wordpress\/ -->\n<title>Limpieza familiar, luz y calma \u201cVela blanca con ojos amarillos, azul y marr\u00f3n\u201d<\/title>\n<meta name=\"description\" content=\"Esta vela limpia energ\u00edas familiares y da luz y tranquilidad a la familia\" \/>\n<meta name=\"robots\" content=\"index, follow, max-snippet:-1, max-image-preview:large, max-video-preview:-1\" \/>\n<link rel=\"canonical\" href=\"https:\/\/espelmesdali.com\/es\/producto\/limpieza-familiar-luz-y-calma-vela-blanca-con-ojos-amarillos-azul-y-marron\/\" \/>\n<meta property=\"og:locale\" content=\"es_ES\" \/>\n<meta property=\"og:type\" content=\"article\" \/>\n<meta property=\"og:title\" content=\"Limpieza familiar, luz y calma \u201cVela blanca con ojos amarillos, azul y marr\u00f3n\u201d\" \/>\n<meta property=\"og:description\" content=\"Esta vela limpia energ\u00edas familiares y da luz y tranquilidad a la familia\" \/>\n<meta property=\"og:url\" content=\"https:\/\/espelmesdali.com\/es\/producto\/limpieza-familiar-luz-y-calma-vela-blanca-con-ojos-amarillos-azul-y-marron\/\" \/>\n<meta property=\"og:site_name\" content=\"Velas Dal\u00ed\" \/>\n<meta property=\"article:publisher\" content=\"https:\/\/www.facebook.com\/profile.php?id=100086540543846\" \/>\n<meta property=\"article:modified_time\" content=\"2024-03-28T21:10:28+00:00\" \/>\n<meta property=\"og:image\" content=\"https:\/\/espelmesdali.com\/wp-content\/uploads\/2024\/03\/00009.jpg\" \/>\n\t<meta property=\"og:image:width\" content=\"800\" \/>\n\t<meta property=\"og:image:height\" content=\"800\" \/>\n\t<meta property=\"og:image:type\" content=\"image\/jpeg\" \/>\n<meta name=\"twitter:card\" content=\"summary_large_image\" \/>\n<meta name=\"twitter:label1\" content=\"Tiempo de lectura\" \/>\n\t<meta name=\"twitter:data1\" content=\"2 minutos\" \/>\n<script type=\"application\/ld+json\" class=\"yoast-schema-graph\">{\"@context\":\"https:\\\/\\\/schema.org\",\"@graph\":[{\"@type\":\"WebPage\",\"@id\":\"https:\\\/\\\/espelmesdali.com\\\/es\\\/producto\\\/limpieza-familiar-luz-y-calma-vela-blanca-con-ojos-amarillos-azul-y-marron\\\/\",\"url\":\"https:\\\/\\\/espelmesdali.com\\\/es\\\/producto\\\/limpieza-familiar-luz-y-calma-vela-blanca-con-ojos-amarillos-azul-y-marron\\\/\",\"name\":\"Limpieza familiar, luz y calma \u201cVela blanca con ojos amarillos, azul y marr\u00f3n\u201d\",\"isPartOf\":{\"@id\":\"https:\\\/\\\/espelmesdali.com\\\/es\\\/#website\"},\"primaryImageOfPage\":{\"@id\":\"https:\\\/\\\/espelmesdali.com\\\/es\\\/producto\\\/limpieza-familiar-luz-y-calma-vela-blanca-con-ojos-amarillos-azul-y-marron\\\/#primaryimage\"},\"image\":{\"@id\":\"https:\\\/\\\/espelmesdali.com\\\/es\\\/producto\\\/limpieza-familiar-luz-y-calma-vela-blanca-con-ojos-amarillos-azul-y-marron\\\/#primaryimage\"},\"thumbnailUrl\":\"https:\\\/\\\/espelmesdali.com\\\/wp-content\\\/uploads\\\/2024\\\/03\\\/00009.jpg\",\"datePublished\":\"2022-09-23T09:32:23+00:00\",\"dateModified\":\"2024-03-28T21:10:28+00:00\",\"description\":\"Esta vela limpia energ\u00edas familiares y da luz y tranquilidad a la familia\",\"breadcrumb\":{\"@id\":\"https:\\\/\\\/espelmesdali.com\\\/es\\\/producto\\\/limpieza-familiar-luz-y-calma-vela-blanca-con-ojos-amarillos-azul-y-marron\\\/#breadcrumb\"},\"inLanguage\":\"es\",\"potentialAction\":[{\"@type\":\"ReadAction\",\"target\":[\"https:\\\/\\\/espelmesdali.com\\\/es\\\/producto\\\/limpieza-familiar-luz-y-calma-vela-blanca-con-ojos-amarillos-azul-y-marron\\\/\"]}]},{\"@type\":\"ImageObject\",\"inLanguage\":\"es\",\"@id\":\"https:\\\/\\\/espelmesdali.com\\\/es\\\/producto\\\/limpieza-familiar-luz-y-calma-vela-blanca-con-ojos-amarillos-azul-y-marron\\\/#primaryimage\",\"url\":\"https:\\\/\\\/espelmesdali.com\\\/wp-content\\\/uploads\\\/2024\\\/03\\\/00009.jpg\",\"contentUrl\":\"https:\\\/\\\/espelmesdali.com\\\/wp-content\\\/uploads\\\/2024\\\/03\\\/00009.jpg\",\"width\":800,\"height\":800,\"caption\":\"00009\"},{\"@type\":\"BreadcrumbList\",\"@id\":\"https:\\\/\\\/espelmesdali.com\\\/es\\\/producto\\\/limpieza-familiar-luz-y-calma-vela-blanca-con-ojos-amarillos-azul-y-marron\\\/#breadcrumb\",\"itemListElement\":[{\"@type\":\"ListItem\",\"position\":1,\"name\":\"Portada\",\"item\":\"https:\\\/\\\/espelmesdali.com\\\/es\\\/\"},{\"@type\":\"ListItem\",\"position\":2,\"name\":\"Tienda\",\"item\":\"https:\\\/\\\/espelmesdali.com\\\/es\\\/tienda\\\/\"},{\"@type\":\"ListItem\",\"position\":3,\"name\":\"Calma y antiestr\u00e9s\",\"item\":\"https:\\\/\\\/espelmesdali.com\\\/es\\\/categoria-producto\\\/calma-%c2%b7-antiestres\\\/\"},{\"@type\":\"ListItem\",\"position\":4,\"name\":\"Limpieza familiar, luz y calma \u201cVela blanca con ojos amarillos, azul y marr\u00f3n\u201d\"}]},{\"@type\":\"WebSite\",\"@id\":\"https:\\\/\\\/espelmesdali.com\\\/es\\\/#website\",\"url\":\"https:\\\/\\\/espelmesdali.com\\\/es\\\/\",\"name\":\"Velas Dal\u00ed\",\"description\":\"Espelmes energ\u00e8tiques naturals i artesanes\",\"publisher\":{\"@id\":\"https:\\\/\\\/espelmesdali.com\\\/es\\\/#organization\"},\"alternateName\":\"Espelmes energ\u00e8tiques naturals i artesanes\",\"potentialAction\":[{\"@type\":\"SearchAction\",\"target\":{\"@type\":\"EntryPoint\",\"urlTemplate\":\"https:\\\/\\\/espelmesdali.com\\\/es\\\/?s={search_term_string}\"},\"query-input\":{\"@type\":\"PropertyValueSpecification\",\"valueRequired\":true,\"valueName\":\"search_term_string\"}}],\"inLanguage\":\"es\"},{\"@type\":\"Organization\",\"@id\":\"https:\\\/\\\/espelmesdali.com\\\/es\\\/#organization\",\"name\":\"Velas Dal\u00ed\",\"alternateName\":\"Espelmes energ\u00e8tiques naturals i artesanes\",\"url\":\"https:\\\/\\\/espelmesdali.com\\\/es\\\/\",\"logo\":{\"@type\":\"ImageObject\",\"inLanguage\":\"es\",\"@id\":\"https:\\\/\\\/espelmesdali.com\\\/es\\\/#\\\/schema\\\/logo\\\/image\\\/\",\"url\":\"https:\\\/\\\/i0.wp.com\\\/velasdali.com\\\/wp-content\\\/uploads\\\/2022\\\/12\\\/cropped-LOGO_DALI-01.jpg?fit=1200%2C1200&ssl=1\",\"contentUrl\":\"https:\\\/\\\/i0.wp.com\\\/velasdali.com\\\/wp-content\\\/uploads\\\/2022\\\/12\\\/cropped-LOGO_DALI-01.jpg?fit=1200%2C1200&ssl=1\",\"width\":1200,\"height\":1200,\"caption\":\"Velas Dal\u00ed\"},\"image\":{\"@id\":\"https:\\\/\\\/espelmesdali.com\\\/es\\\/#\\\/schema\\\/logo\\\/image\\\/\"},\"sameAs\":[\"https:\\\/\\\/www.facebook.com\\\/profile.php?id=100086540543846\",\"https:\\\/\\\/www.instagram.com\\\/espelmesdali\\\/\"]}]}<\/script>\n<!-- \/ Yoast SEO plugin. -->","yoast_head_json":{"title":"Limpieza familiar, luz y calma \u201cVela blanca con ojos amarillos, azul y marr\u00f3n\u201d","description":"Esta vela limpia energ\u00edas familiares y da luz y tranquilidad a la familia","robots":{"index":"index","follow":"follow","max-snippet":"max-snippet:-1","max-image-preview":"max-image-preview:large","max-video-preview":"max-video-preview:-1"},"canonical":"https:\/\/espelmesdali.com\/es\/producto\/limpieza-familiar-luz-y-calma-vela-blanca-con-ojos-amarillos-azul-y-marron\/","og_locale":"es_ES","og_type":"article","og_title":"Limpieza familiar, luz y calma \u201cVela blanca con ojos amarillos, azul y marr\u00f3n\u201d","og_description":"Esta vela limpia energ\u00edas familiares y da luz y tranquilidad a la familia","og_url":"https:\/\/espelmesdali.com\/es\/producto\/limpieza-familiar-luz-y-calma-vela-blanca-con-ojos-amarillos-azul-y-marron\/","og_site_name":"Velas Dal\u00ed","article_publisher":"https:\/\/www.facebook.com\/profile.php?id=100086540543846","article_modified_time":"2024-03-28T21:10:28+00:00","og_image":[{"width":800,"height":800,"url":"https:\/\/espelmesdali.com\/wp-content\/uploads\/2024\/03\/00009.jpg","type":"image\/jpeg"}],"twitter_card":"summary_large_image","twitter_misc":{"Tiempo de lectura":"2 minutos"},"schema":{"@context":"https:\/\/schema.org","@graph":[{"@type":"WebPage","@id":"https:\/\/espelmesdali.com\/es\/producto\/limpieza-familiar-luz-y-calma-vela-blanca-con-ojos-amarillos-azul-y-marron\/","url":"https:\/\/espelmesdali.com\/es\/producto\/limpieza-familiar-luz-y-calma-vela-blanca-con-ojos-amarillos-azul-y-marron\/","name":"Limpieza familiar, luz y calma \u201cVela blanca con ojos amarillos, azul y marr\u00f3n\u201d","isPartOf":{"@id":"https:\/\/espelmesdali.com\/es\/#website"},"primaryImageOfPage":{"@id":"https:\/\/espelmesdali.com\/es\/producto\/limpieza-familiar-luz-y-calma-vela-blanca-con-ojos-amarillos-azul-y-marron\/#primaryimage"},"image":{"@id":"https:\/\/espelmesdali.com\/es\/producto\/limpieza-familiar-luz-y-calma-vela-blanca-con-ojos-amarillos-azul-y-marron\/#primaryimage"},"thumbnailUrl":"https:\/\/espelmesdali.com\/wp-content\/uploads\/2024\/03\/00009.jpg","datePublished":"2022-09-23T09:32:23+00:00","dateModified":"2024-03-28T21:10:28+00:00","description":"Esta vela limpia energ\u00edas familiares y da luz y tranquilidad a la familia","breadcrumb":{"@id":"https:\/\/espelmesdali.com\/es\/producto\/limpieza-familiar-luz-y-calma-vela-blanca-con-ojos-amarillos-azul-y-marron\/#breadcrumb"},"inLanguage":"es","potentialAction":[{"@type":"ReadAction","target":["https:\/\/espelmesdali.com\/es\/producto\/limpieza-familiar-luz-y-calma-vela-blanca-con-ojos-amarillos-azul-y-marron\/"]}]},{"@type":"ImageObject","inLanguage":"es","@id":"https:\/\/espelmesdali.com\/es\/producto\/limpieza-familiar-luz-y-calma-vela-blanca-con-ojos-amarillos-azul-y-marron\/#primaryimage","url":"https:\/\/espelmesdali.com\/wp-content\/uploads\/2024\/03\/00009.jpg","contentUrl":"https:\/\/espelmesdali.com\/wp-content\/uploads\/2024\/03\/00009.jpg","width":800,"height":800,"caption":"00009"},{"@type":"BreadcrumbList","@id":"https:\/\/espelmesdali.com\/es\/producto\/limpieza-familiar-luz-y-calma-vela-blanca-con-ojos-amarillos-azul-y-marron\/#breadcrumb","itemListElement":[{"@type":"ListItem","position":1,"name":"Portada","item":"https:\/\/espelmesdali.com\/es\/"},{"@type":"ListItem","position":2,"name":"Tienda","item":"https:\/\/espelmesdali.com\/es\/tienda\/"},{"@type":"ListItem","position":3,"name":"Calma y antiestr\u00e9s","item":"https:\/\/espelmesdali.com\/es\/categoria-producto\/calma-%c2%b7-antiestres\/"},{"@type":"ListItem","position":4,"name":"Limpieza familiar, luz y calma \u201cVela blanca con ojos amarillos, azul y marr\u00f3n\u201d"}]},{"@type":"WebSite","@id":"https:\/\/espelmesdali.com\/es\/#website","url":"https:\/\/espelmesdali.com\/es\/","name":"Velas Dal\u00ed","description":"Espelmes energ\u00e8tiques naturals i artesanes","publisher":{"@id":"https:\/\/espelmesdali.com\/es\/#organization"},"alternateName":"Espelmes energ\u00e8tiques naturals i artesanes","potentialAction":[{"@type":"SearchAction","target":{"@type":"EntryPoint","urlTemplate":"https:\/\/espelmesdali.com\/es\/?s={search_term_string}"},"query-input":{"@type":"PropertyValueSpecification","valueRequired":true,"valueName":"search_term_string"}}],"inLanguage":"es"},{"@type":"Organization","@id":"https:\/\/espelmesdali.com\/es\/#organization","name":"Velas Dal\u00ed","alternateName":"Espelmes energ\u00e8tiques naturals i artesanes","url":"https:\/\/espelmesdali.com\/es\/","logo":{"@type":"ImageObject","inLanguage":"es","@id":"https:\/\/espelmesdali.com\/es\/#\/schema\/logo\/image\/","url":"https:\/\/i0.wp.com\/velasdali.com\/wp-content\/uploads\/2022\/12\/cropped-LOGO_DALI-01.jpg?fit=1200%2C1200&ssl=1","contentUrl":"https:\/\/i0.wp.com\/velasdali.com\/wp-content\/uploads\/2022\/12\/cropped-LOGO_DALI-01.jpg?fit=1200%2C1200&ssl=1","width":1200,"height":1200,"caption":"Velas Dal\u00ed"},"image":{"@id":"https:\/\/espelmesdali.com\/es\/#\/schema\/logo\/image\/"},"sameAs":["https:\/\/www.facebook.com\/profile.php?id=100086540543846","https:\/\/www.instagram.com\/espelmesdali\/"]}]}},"_links":{"self":[{"href":"https:\/\/espelmesdali.com\/es\/wp-json\/wp\/v2\/product\/7970","targetHints":{"allow":["GET"]}}],"collection":[{"href":"https:\/\/espelmesdali.com\/es\/wp-json\/wp\/v2\/product"}],"about":[{"href":"https:\/\/espelmesdali.com\/es\/wp-json\/wp\/v2\/types\/product"}],"replies":[{"embeddable":true,"href":"https:\/\/espelmesdali.com\/es\/wp-json\/wp\/v2\/comments?post=7970"}],"wp:featuredmedia":[{"embeddable":true,"href":"https:\/\/espelmesdali.com\/es\/wp-json\/wp\/v2\/media\/8570"}],"wp:attachment":[{"href":"https:\/\/espelmesdali.com\/es\/wp-json\/wp\/v2\/media?parent=7970"}],"wp:term":[{"taxonomy":"product_brand","embeddable":true,"href":"https:\/\/espelmesdali.com\/es\/wp-json\/wp\/v2\/product_brand?post=7970"},{"taxonomy":"product_cat","embeddable":true,"href":"https:\/\/espelmesdali.com\/es\/wp-json\/wp\/v2\/product_cat?post=7970"},{"taxonomy":"product_tag","embeddable":true,"href":"https:\/\/espelmesdali.com\/es\/wp-json\/wp\/v2\/product_tag?post=7970"}],"curies":[{"name":"wp","href":"https:\/\/api.w.org\/{rel}","templated":true}]}}