{"id":10078,"date":"2024-12-01T15:29:18","date_gmt":"2024-12-01T14:29:18","guid":{"rendered":"https:\/\/espelmesdali.com\/?post_type=product&#038;p=10078"},"modified":"2025-01-08T22:57:18","modified_gmt":"2025-01-08T21:57:18","slug":"ritual-solsticio-invierno-copia","status":"publish","type":"product","link":"https:\/\/espelmesdali.com\/es\/producto\/ritual-solsticio-invierno-copia\/","title":{"rendered":"Ritual Solsticio invierno + Ritual fin de a\u00f1o"},"content":{"rendered":"<p>Bienvenido a nuestra celebraci\u00f3n \u00fanica del solsticio de invierno, donde la magia de nuestras velas artesanas toman protagonismo. Con nuestro ritual de velas especialmente dise\u00f1ado para esta ocasi\u00f3n especial, te invitamos a embarcarte en una experiencia que limpia, protege y transforma tu entorno con la acogedora energ\u00eda de nuestras velas intencionadas y ritualizadas.<\/p>\n<p>El coraz\u00f3n de ese ritual reside en dos velas exquisitas, cada una con una misi\u00f3n \u00fanica. La primera, una vela gemela de cera de abeja blanca y marr\u00f3n, es una obra de arte que simboliza la limpieza y la protecci\u00f3n. La cera blanca es conocida por su capacidad de purificar el espacio, eliminando las energ\u00edas negativas y dando lugar a una atm\u00f3sfera de claridad y renovaci\u00f3n. La cera marr\u00f3n, con su tono suelo, act\u00faa como protectora, creando una barrera natural contra influencias no deseadas.<\/p>\n<p>La segunda vela, una combinaci\u00f3n de cera de abeja de color natural y un rico to lila, est\u00e1 dise\u00f1ada para fomentar una transformaci\u00f3n positiva. La cera natural, con su autenticidad, conecta con la esencia de la naturaleza, mientras que el lila simboliza la transmutaci\u00f3n y el crecimiento personal. Esa vela es como un faro que gu\u00eda hacia una nueva fase de la vida, con una perspectiva positiva y esperanzadora.<\/p>\n<p>Cada una de nuestras velas est\u00e1 hecha a mano con todo nuestro amor y dedicaci\u00f3n. Cada detalle, desde la selecci\u00f3n de la cera hasta la combinaci\u00f3n de colores, est\u00e1 meticulosamente pensado para asegurar que este ritual sea una experiencia \u00fanica y significativa.<\/p>\n<p>Para celebrar el solsticio de invierno con este ritual de velas, te invitamos a encender las dos velas simult\u00e1neamente. Observa c\u00f3mo la luz danza entre las tonalidades de blanco, marr\u00f3n, natural y lila, creando una atm\u00f3sfera m\u00e1gica que limpia, protege y abre las puertas a la transformaci\u00f3n positiva.<\/p>\n<p>Con cada llama, invoca tus intenciones, ya sea limpiar las energ\u00edas indeseadas, proteger tu espacio o abrirte a nuevas oportunidades y crecimiento. Este ritual de velas no s\u00f3lo es una experiencia visual, sino una conexi\u00f3n con las energ\u00edas del solsticio de invierno y una forma de dar la bienvenida a la luz creciente.<\/p>\n<p>Celebra esta temporada especial con nuestro ritual de velas, un recordatorio de que incluso en las noches m\u00e1s largas, la luz y la transformaci\u00f3n est\u00e1n siempre a tu alcance. Gracias por confiar en nosotros por acompa\u00f1arte en este viaje m\u00e1gico.<\/p>\n","protected":false},"excerpt":{"rendered":"<p><span style=\"color: #800080;\"><strong>PODER ENERG\u00c9TICO: \u2666\u2666\u2666\u2666\u2666<\/strong><\/span><\/p>\n<p><span style=\"color: #800080;\">\u00b7Limpieza \u00b7Transformaci\u00f3n \u00b7Ritual<\/span><\/p>\n<p>Bienvenido a nuestra celebraci\u00f3n \u00fanica del solsticio de invierno, donde la magia de nuestras velas artesanas toman protagonismo. Con nuestro ritual de velas especialmente dise\u00f1ado para esta ocasi\u00f3n especial, te invitamos a embarcarte en una experiencia que limpia, protege y transforma tu entorno con la acogedora energ\u00eda de nuestras velas intencionadas y ritualizadas.<\/p>\n","protected":false},"featured_media":10080,"comment_status":"open","ping_status":"closed","template":"","meta":[],"product_brand":[],"product_cat":[581,644,572,580],"product_tag":[585,792,778,608,610,594,774],"class_list":{"0":"post-10078","1":"product","2":"type-product","3":"status-publish","4":"has-post-thumbnail","6":"product_cat-limpieza--purificacion","7":"product_cat-potenciadores-es","8":"product_cat-rituales","9":"product_cat-velas-de-miel","10":"product_tag-espelmes-de-mel-es","11":"product_tag-magia-es","12":"product_tag-miel","13":"product_tag-poder-es","14":"product_tag-ritual-es","15":"product_tag-vela","16":"product_tag-velas-es","17":"product_shipping_class-enviament-es","18":"infinite-scroll-item","19":"sales-flash-overlay","20":"woocommerce-text-align-center","21":"woocommerce-image-align-center","22":"do-quantity-buttons","23":"wc-has-gallery","25":"first","26":"outofstock","27":"featured","28":"taxable","29":"shipping-taxable","30":"purchasable","31":"product-type-simple"},"yoast_head":"<!-- This site is optimized with the Yoast SEO plugin v27.5 - https:\/\/yoast.com\/product\/yoast-seo-wordpress\/ -->\n<title>Ritual Solsticio de invierno<\/title>\n<meta name=\"description\" content=\"Bienvenido a la magia de nuestras velas artesanas, \u00fanica que te transportar\u00e1 al coraz\u00f3n de la temporada navide\u00f1a. Nuestras velas en forma de \u00e1rbol de Navidad son mucho m\u00e1s que simple decoraci\u00f3n; son una experiencia de luz que transformar\u00e1 tu espacio en un acogedor santuario y lleno de buen augurio.\" \/>\n<meta name=\"robots\" content=\"index, follow, max-snippet:-1, max-image-preview:large, max-video-preview:-1\" \/>\n<link rel=\"canonical\" href=\"https:\/\/espelmesdali.com\/es\/producto\/ritual-solsticio-invierno-copia\/\" \/>\n<meta property=\"og:locale\" content=\"es_ES\" \/>\n<meta property=\"og:type\" content=\"article\" \/>\n<meta property=\"og:title\" content=\"Ritual Solsticio de invierno\" \/>\n<meta property=\"og:description\" content=\"Bienvenido a la magia de nuestras velas artesanas, \u00fanica que te transportar\u00e1 al coraz\u00f3n de la temporada navide\u00f1a. Nuestras velas en forma de \u00e1rbol de Navidad son mucho m\u00e1s que simple decoraci\u00f3n; son una experiencia de luz que transformar\u00e1 tu espacio en un acogedor santuario y lleno de buen augurio.\" \/>\n<meta property=\"og:url\" content=\"https:\/\/espelmesdali.com\/es\/producto\/ritual-solsticio-invierno-copia\/\" \/>\n<meta property=\"og:site_name\" content=\"Velas Dal\u00ed\" \/>\n<meta property=\"article:publisher\" content=\"https:\/\/www.facebook.com\/profile.php?id=100086540543846\" \/>\n<meta property=\"article:modified_time\" content=\"2025-01-08T21:57:18+00:00\" \/>\n<meta property=\"og:image\" content=\"https:\/\/espelmesdali.com\/wp-content\/uploads\/2024\/12\/EDALI_Capanysolstici.jpg\" \/>\n\t<meta property=\"og:image:width\" content=\"1920\" \/>\n\t<meta property=\"og:image:height\" content=\"1920\" \/>\n\t<meta property=\"og:image:type\" content=\"image\/jpeg\" \/>\n<meta name=\"twitter:card\" content=\"summary_large_image\" \/>\n<meta name=\"twitter:label1\" content=\"Tiempo de lectura\" \/>\n\t<meta name=\"twitter:data1\" content=\"2 minutos\" \/>\n<script type=\"application\/ld+json\" class=\"yoast-schema-graph\">{\"@context\":\"https:\\\/\\\/schema.org\",\"@graph\":[{\"@type\":\"WebPage\",\"@id\":\"https:\\\/\\\/espelmesdali.com\\\/es\\\/producto\\\/ritual-solsticio-invierno-copia\\\/\",\"url\":\"https:\\\/\\\/espelmesdali.com\\\/es\\\/producto\\\/ritual-solsticio-invierno-copia\\\/\",\"name\":\"Ritual Solsticio de invierno\",\"isPartOf\":{\"@id\":\"https:\\\/\\\/espelmesdali.com\\\/es\\\/#website\"},\"primaryImageOfPage\":{\"@id\":\"https:\\\/\\\/espelmesdali.com\\\/es\\\/producto\\\/ritual-solsticio-invierno-copia\\\/#primaryimage\"},\"image\":{\"@id\":\"https:\\\/\\\/espelmesdali.com\\\/es\\\/producto\\\/ritual-solsticio-invierno-copia\\\/#primaryimage\"},\"thumbnailUrl\":\"https:\\\/\\\/espelmesdali.com\\\/wp-content\\\/uploads\\\/2024\\\/12\\\/EDALI_Capanysolstici.jpg\",\"datePublished\":\"2024-12-01T14:29:18+00:00\",\"dateModified\":\"2025-01-08T21:57:18+00:00\",\"description\":\"Bienvenido a la magia de nuestras velas artesanas, \u00fanica que te transportar\u00e1 al coraz\u00f3n de la temporada navide\u00f1a. Nuestras velas en forma de \u00e1rbol de Navidad son mucho m\u00e1s que simple decoraci\u00f3n; son una experiencia de luz que transformar\u00e1 tu espacio en un acogedor santuario y lleno de buen augurio.\",\"breadcrumb\":{\"@id\":\"https:\\\/\\\/espelmesdali.com\\\/es\\\/producto\\\/ritual-solsticio-invierno-copia\\\/#breadcrumb\"},\"inLanguage\":\"es\",\"potentialAction\":[{\"@type\":\"ReadAction\",\"target\":[\"https:\\\/\\\/espelmesdali.com\\\/es\\\/producto\\\/ritual-solsticio-invierno-copia\\\/\"]}]},{\"@type\":\"ImageObject\",\"inLanguage\":\"es\",\"@id\":\"https:\\\/\\\/espelmesdali.com\\\/es\\\/producto\\\/ritual-solsticio-invierno-copia\\\/#primaryimage\",\"url\":\"https:\\\/\\\/espelmesdali.com\\\/wp-content\\\/uploads\\\/2024\\\/12\\\/EDALI_Capanysolstici.jpg\",\"contentUrl\":\"https:\\\/\\\/espelmesdali.com\\\/wp-content\\\/uploads\\\/2024\\\/12\\\/EDALI_Capanysolstici.jpg\",\"width\":1920,\"height\":1920},{\"@type\":\"BreadcrumbList\",\"@id\":\"https:\\\/\\\/espelmesdali.com\\\/es\\\/producto\\\/ritual-solsticio-invierno-copia\\\/#breadcrumb\",\"itemListElement\":[{\"@type\":\"ListItem\",\"position\":1,\"name\":\"Portada\",\"item\":\"https:\\\/\\\/espelmesdali.com\\\/es\\\/\"},{\"@type\":\"ListItem\",\"position\":2,\"name\":\"Tienda\",\"item\":\"https:\\\/\\\/espelmesdali.com\\\/es\\\/tienda\\\/\"},{\"@type\":\"ListItem\",\"position\":3,\"name\":\"Velas\",\"item\":\"https:\\\/\\\/espelmesdali.com\\\/es\\\/categoria-producto\\\/velas-de-miel\\\/\"},{\"@type\":\"ListItem\",\"position\":4,\"name\":\"Ritual Solsticio invierno + Ritual fin de a\u00f1o\"}]},{\"@type\":\"WebSite\",\"@id\":\"https:\\\/\\\/espelmesdali.com\\\/es\\\/#website\",\"url\":\"https:\\\/\\\/espelmesdali.com\\\/es\\\/\",\"name\":\"Velas Dal\u00ed\",\"description\":\"Espelmes energ\u00e8tiques naturals i artesanes\",\"publisher\":{\"@id\":\"https:\\\/\\\/espelmesdali.com\\\/es\\\/#organization\"},\"alternateName\":\"Espelmes energ\u00e8tiques naturals i artesanes\",\"potentialAction\":[{\"@type\":\"SearchAction\",\"target\":{\"@type\":\"EntryPoint\",\"urlTemplate\":\"https:\\\/\\\/espelmesdali.com\\\/es\\\/?s={search_term_string}\"},\"query-input\":{\"@type\":\"PropertyValueSpecification\",\"valueRequired\":true,\"valueName\":\"search_term_string\"}}],\"inLanguage\":\"es\"},{\"@type\":\"Organization\",\"@id\":\"https:\\\/\\\/espelmesdali.com\\\/es\\\/#organization\",\"name\":\"Velas Dal\u00ed\",\"alternateName\":\"Espelmes energ\u00e8tiques naturals i artesanes\",\"url\":\"https:\\\/\\\/espelmesdali.com\\\/es\\\/\",\"logo\":{\"@type\":\"ImageObject\",\"inLanguage\":\"es\",\"@id\":\"https:\\\/\\\/espelmesdali.com\\\/es\\\/#\\\/schema\\\/logo\\\/image\\\/\",\"url\":\"https:\\\/\\\/i0.wp.com\\\/velasdali.com\\\/wp-content\\\/uploads\\\/2022\\\/12\\\/cropped-LOGO_DALI-01.jpg?fit=1200%2C1200&ssl=1\",\"contentUrl\":\"https:\\\/\\\/i0.wp.com\\\/velasdali.com\\\/wp-content\\\/uploads\\\/2022\\\/12\\\/cropped-LOGO_DALI-01.jpg?fit=1200%2C1200&ssl=1\",\"width\":1200,\"height\":1200,\"caption\":\"Velas Dal\u00ed\"},\"image\":{\"@id\":\"https:\\\/\\\/espelmesdali.com\\\/es\\\/#\\\/schema\\\/logo\\\/image\\\/\"},\"sameAs\":[\"https:\\\/\\\/www.facebook.com\\\/profile.php?id=100086540543846\",\"https:\\\/\\\/www.instagram.com\\\/espelmesdali\\\/\"]}]}<\/script>\n<!-- \/ Yoast SEO plugin. -->","yoast_head_json":{"title":"Ritual Solsticio de invierno","description":"Bienvenido a la magia de nuestras velas artesanas, \u00fanica que te transportar\u00e1 al coraz\u00f3n de la temporada navide\u00f1a. Nuestras velas en forma de \u00e1rbol de Navidad son mucho m\u00e1s que simple decoraci\u00f3n; son una experiencia de luz que transformar\u00e1 tu espacio en un acogedor santuario y lleno de buen augurio.","robots":{"index":"index","follow":"follow","max-snippet":"max-snippet:-1","max-image-preview":"max-image-preview:large","max-video-preview":"max-video-preview:-1"},"canonical":"https:\/\/espelmesdali.com\/es\/producto\/ritual-solsticio-invierno-copia\/","og_locale":"es_ES","og_type":"article","og_title":"Ritual Solsticio de invierno","og_description":"Bienvenido a la magia de nuestras velas artesanas, \u00fanica que te transportar\u00e1 al coraz\u00f3n de la temporada navide\u00f1a. Nuestras velas en forma de \u00e1rbol de Navidad son mucho m\u00e1s que simple decoraci\u00f3n; son una experiencia de luz que transformar\u00e1 tu espacio en un acogedor santuario y lleno de buen augurio.","og_url":"https:\/\/espelmesdali.com\/es\/producto\/ritual-solsticio-invierno-copia\/","og_site_name":"Velas Dal\u00ed","article_publisher":"https:\/\/www.facebook.com\/profile.php?id=100086540543846","article_modified_time":"2025-01-08T21:57:18+00:00","og_image":[{"width":1920,"height":1920,"url":"https:\/\/espelmesdali.com\/wp-content\/uploads\/2024\/12\/EDALI_Capanysolstici.jpg","type":"image\/jpeg"}],"twitter_card":"summary_large_image","twitter_misc":{"Tiempo de lectura":"2 minutos"},"schema":{"@context":"https:\/\/schema.org","@graph":[{"@type":"WebPage","@id":"https:\/\/espelmesdali.com\/es\/producto\/ritual-solsticio-invierno-copia\/","url":"https:\/\/espelmesdali.com\/es\/producto\/ritual-solsticio-invierno-copia\/","name":"Ritual Solsticio de invierno","isPartOf":{"@id":"https:\/\/espelmesdali.com\/es\/#website"},"primaryImageOfPage":{"@id":"https:\/\/espelmesdali.com\/es\/producto\/ritual-solsticio-invierno-copia\/#primaryimage"},"image":{"@id":"https:\/\/espelmesdali.com\/es\/producto\/ritual-solsticio-invierno-copia\/#primaryimage"},"thumbnailUrl":"https:\/\/espelmesdali.com\/wp-content\/uploads\/2024\/12\/EDALI_Capanysolstici.jpg","datePublished":"2024-12-01T14:29:18+00:00","dateModified":"2025-01-08T21:57:18+00:00","description":"Bienvenido a la magia de nuestras velas artesanas, \u00fanica que te transportar\u00e1 al coraz\u00f3n de la temporada navide\u00f1a. Nuestras velas en forma de \u00e1rbol de Navidad son mucho m\u00e1s que simple decoraci\u00f3n; son una experiencia de luz que transformar\u00e1 tu espacio en un acogedor santuario y lleno de buen augurio.","breadcrumb":{"@id":"https:\/\/espelmesdali.com\/es\/producto\/ritual-solsticio-invierno-copia\/#breadcrumb"},"inLanguage":"es","potentialAction":[{"@type":"ReadAction","target":["https:\/\/espelmesdali.com\/es\/producto\/ritual-solsticio-invierno-copia\/"]}]},{"@type":"ImageObject","inLanguage":"es","@id":"https:\/\/espelmesdali.com\/es\/producto\/ritual-solsticio-invierno-copia\/#primaryimage","url":"https:\/\/espelmesdali.com\/wp-content\/uploads\/2024\/12\/EDALI_Capanysolstici.jpg","contentUrl":"https:\/\/espelmesdali.com\/wp-content\/uploads\/2024\/12\/EDALI_Capanysolstici.jpg","width":1920,"height":1920},{"@type":"BreadcrumbList","@id":"https:\/\/espelmesdali.com\/es\/producto\/ritual-solsticio-invierno-copia\/#breadcrumb","itemListElement":[{"@type":"ListItem","position":1,"name":"Portada","item":"https:\/\/espelmesdali.com\/es\/"},{"@type":"ListItem","position":2,"name":"Tienda","item":"https:\/\/espelmesdali.com\/es\/tienda\/"},{"@type":"ListItem","position":3,"name":"Velas","item":"https:\/\/espelmesdali.com\/es\/categoria-producto\/velas-de-miel\/"},{"@type":"ListItem","position":4,"name":"Ritual Solsticio invierno + Ritual fin de a\u00f1o"}]},{"@type":"WebSite","@id":"https:\/\/espelmesdali.com\/es\/#website","url":"https:\/\/espelmesdali.com\/es\/","name":"Velas Dal\u00ed","description":"Espelmes energ\u00e8tiques naturals i artesanes","publisher":{"@id":"https:\/\/espelmesdali.com\/es\/#organization"},"alternateName":"Espelmes energ\u00e8tiques naturals i artesanes","potentialAction":[{"@type":"SearchAction","target":{"@type":"EntryPoint","urlTemplate":"https:\/\/espelmesdali.com\/es\/?s={search_term_string}"},"query-input":{"@type":"PropertyValueSpecification","valueRequired":true,"valueName":"search_term_string"}}],"inLanguage":"es"},{"@type":"Organization","@id":"https:\/\/espelmesdali.com\/es\/#organization","name":"Velas Dal\u00ed","alternateName":"Espelmes energ\u00e8tiques naturals i artesanes","url":"https:\/\/espelmesdali.com\/es\/","logo":{"@type":"ImageObject","inLanguage":"es","@id":"https:\/\/espelmesdali.com\/es\/#\/schema\/logo\/image\/","url":"https:\/\/i0.wp.com\/velasdali.com\/wp-content\/uploads\/2022\/12\/cropped-LOGO_DALI-01.jpg?fit=1200%2C1200&ssl=1","contentUrl":"https:\/\/i0.wp.com\/velasdali.com\/wp-content\/uploads\/2022\/12\/cropped-LOGO_DALI-01.jpg?fit=1200%2C1200&ssl=1","width":1200,"height":1200,"caption":"Velas Dal\u00ed"},"image":{"@id":"https:\/\/espelmesdali.com\/es\/#\/schema\/logo\/image\/"},"sameAs":["https:\/\/www.facebook.com\/profile.php?id=100086540543846","https:\/\/www.instagram.com\/espelmesdali\/"]}]}},"_links":{"self":[{"href":"https:\/\/espelmesdali.com\/es\/wp-json\/wp\/v2\/product\/10078","targetHints":{"allow":["GET"]}}],"collection":[{"href":"https:\/\/espelmesdali.com\/es\/wp-json\/wp\/v2\/product"}],"about":[{"href":"https:\/\/espelmesdali.com\/es\/wp-json\/wp\/v2\/types\/product"}],"replies":[{"embeddable":true,"href":"https:\/\/espelmesdali.com\/es\/wp-json\/wp\/v2\/comments?post=10078"}],"wp:featuredmedia":[{"embeddable":true,"href":"https:\/\/espelmesdali.com\/es\/wp-json\/wp\/v2\/media\/10080"}],"wp:attachment":[{"href":"https:\/\/espelmesdali.com\/es\/wp-json\/wp\/v2\/media?parent=10078"}],"wp:term":[{"taxonomy":"product_brand","embeddable":true,"href":"https:\/\/espelmesdali.com\/es\/wp-json\/wp\/v2\/product_brand?post=10078"},{"taxonomy":"product_cat","embeddable":true,"href":"https:\/\/espelmesdali.com\/es\/wp-json\/wp\/v2\/product_cat?post=10078"},{"taxonomy":"product_tag","embeddable":true,"href":"https:\/\/espelmesdali.com\/es\/wp-json\/wp\/v2\/product_tag?post=10078"}],"curies":[{"name":"wp","href":"https:\/\/api.w.org\/{rel}","templated":true}]}}